{"id":255,"date":"2026-03-06T02:51:54","date_gmt":"2026-03-06T02:51:54","guid":{"rendered":"https:\/\/racescueladepilotos.com.ar\/?page_id=255"},"modified":"2026-03-06T02:52:19","modified_gmt":"2026-03-06T02:52:19","slug":"255-2","status":"publish","type":"page","link":"https:\/\/racescueladepilotos.com.ar\/index.php\/255-2\/","title":{"rendered":"TRAYECTORIA"},"content":{"rendered":"<p>[et_pb_section fb_built=\u00bb1&#8243; _builder_version=\u00bb4.27.5&#8243; _module_preset=\u00bbdefault\u00bb custom_padding=\u00bb||24px|||\u00bb global_colors_info=\u00bb{}\u00bb theme_builder_area=\u00bbpost_content\u00bb][et_pb_row _builder_version=\u00bb4.16&#8243; _module_preset=\u00bbdefault\u00bb custom_padding=\u00bb||27px|||\u00bb locked=\u00bboff\u00bb global_colors_info=\u00bb{}\u00bb theme_builder_area=\u00bbpost_content\u00bb][et_pb_column type=\u00bb4_4&#8243; _builder_version=\u00bb4.16&#8243; _module_preset=\u00bbdefault\u00bb global_colors_info=\u00bb{}\u00bb theme_builder_area=\u00bbpost_content\u00bb][et_pb_text _builder_version=\u00bb4.27.5&#8243; _module_preset=\u00bbd87de799-28d7-4de5-ab6b-6617c666688a\u00bb header_4_font=\u00bbMontserrat|800|on|on|||||\u00bb header_4_text_color=\u00bb#FFFFFF\u00bb header_4_font_size=\u00bb120px\u00bb header_4_line_height=\u00bb1.1em\u00bb text_orientation=\u00bbcenter\u00bb width=\u00bb100%\u00bb custom_margin=\u00bb||-80px||false|false\u00bb custom_margin_tablet=\u00bb||-50px||false|false\u00bb custom_margin_phone=\u00bb||-20px||false|false\u00bb custom_margin_last_edited=\u00bbon|phone\u00bb header_4_font_size_tablet=\u00bb80px\u00bb header_4_font_size_phone=\u00bb26px\u00bb header_4_font_size_last_edited=\u00bbon|phone\u00bb header_4_text_shadow_style=\u00bbpreset3&#8243; header_4_text_shadow_blur_strength=\u00bb0.01em\u00bb header_4_text_shadow_color=\u00bb#000000&#8243; header_4_text_shadow_blur_strength_tablet=\u00bb\u00bb header_4_text_shadow_blur_strength_phone=\u00bb0.03em\u00bb header_4_text_shadow_blur_strength_last_edited=\u00bbon|phone\u00bb global_colors_info=\u00bb{}\u00bb theme_builder_area=\u00bbpost_content\u00bb]<\/p>\n<h4>jose v.Bianchi<\/h4>\n<p>[\/et_pb_text][et_pb_text _builder_version=\u00bb4.27.5&#8243; _module_preset=\u00bb33d8ed47-9575-4183-ae48-b1d6c4145db4&#8243; header_2_font=\u00bbSyncopate|700||on|||||\u00bb header_2_text_color=\u00bb#000000&#8243; header_2_font_size=\u00bb60px\u00bb header_2_line_height=\u00bb1.2em\u00bb text_orientation=\u00bbcenter\u00bb max_width=\u00bb650px\u00bb module_alignment=\u00bbcenter\u00bb header_2_font_size_tablet=\u00bb32px\u00bb header_2_font_size_phone=\u00bb20px\u00bb header_2_font_size_last_edited=\u00bbon|phone\u00bb locked=\u00bboff\u00bb global_colors_info=\u00bb{}\u00bb theme_builder_area=\u00bbpost_content\u00bb]<\/p>\n<h2>Trayectoria<\/h2>\n<p>[\/et_pb_text][\/et_pb_column][\/et_pb_row][et_pb_row column_structure=\u00bb1_2,1_2&#8243; _builder_version=\u00bb4.27.5&#8243; _module_preset=\u00bbdefault\u00bb custom_padding=\u00bb34px||20px|||\u00bb global_colors_info=\u00bb{}\u00bb theme_builder_area=\u00bbpost_content\u00bb][et_pb_column type=\u00bb1_2&#8243; _builder_version=\u00bb4.27.5&#8243; _module_preset=\u00bbdefault\u00bb global_colors_info=\u00bb{}\u00bb theme_builder_area=\u00bbpost_content\u00bb][et_pb_text _builder_version=\u00bb4.27.5&#8243; _module_preset=\u00bbdefault\u00bb text_font_size=\u00bb16px\u00bb global_colors_info=\u00bb{}\u00bb theme_builder_area=\u00bbpost_content\u00bb]<\/p>\n<p>Luego de cierta experiencia en karting y monoplazas, en 1979, <strong>Jos\u00e9 Valent\u00edn Bianchi,<\/strong> inicia su carrera deportiva en Inglaterra, realizando el curso de pilotos en la legendaria \u201c<strong>Jim Russell Driver\u00b4s School<\/strong>\u201d. Al obtener la calificaci\u00f3n m\u00e1s alta del curso le fue otorgada la beca para competir en el Campeonato Club de Formula Ford, obteniendo el primer puesto de dicho torneo con el total de carreras ganadas.<\/p>\n<p>Posteriormente, en Argentina, <strong>compiti\u00f3 alternando en diferentes categor\u00edas de monoplazas, SP y turismo<\/strong>, destac\u00e1ndose en Sport Prototipo y las distintas formulas nacionales.<\/p>\n<p><strong>Campe\u00f3n Argentino<\/strong> 1988 de Sport Prototipo, triunf\u00f3 en nueve carreras con dos segundos puestos de las doce fechas que conformaban el campeonato.<\/p>\n<p>En el a\u00f1o 2000 se desempe\u00f1\u00f3 como <strong>Piloto oficial Alfa Romeo<\/strong> para competir en el Campeonato Argentino de Endurance con Alfa Romeo 156, ganando cuatro de las cinco pruebas que establec\u00edan el campeonato, equipo formado por otros dos ic\u00f3nicos pilotos del automovilismo argentino e internacional, <strong>Osvaldo Cocho Lopez<\/strong><br \/>y<strong> Oscar Poppy Larrauri<\/strong>.<\/p>\n<p>[\/et_pb_text][\/et_pb_column][et_pb_column type=\u00bb1_2&#8243; _builder_version=\u00bb4.27.5&#8243; _module_preset=\u00bbdefault\u00bb global_colors_info=\u00bb{}\u00bb theme_builder_area=\u00bbpost_content\u00bb][et_pb_text _builder_version=\u00bb4.27.5&#8243; _module_preset=\u00bbdefault\u00bb text_font_size=\u00bb16px\u00bb global_colors_info=\u00bb{}\u00bb theme_builder_area=\u00bbpost_content\u00bb]<\/p>\n<p>En 2002\u00a0 a bordo de un Alfa 156 JTD junto a sus compa\u00f1eros del equipo oficial Alfa Romeo, logr\u00f3 el tercer puesto en las \u00abMil Millas Brasileras\u00bb disputadas en el Aut\u00f3dromo de Interlagos de la ciudad de Sao Paulo.<\/p>\n<p>Piloto del equipo Alfa Romeo en el Campeonato 2001 de S\u00faper Turismo Sudamericano.<\/p>\n<p>En su actividad profesional, tambi\u00e9n se ha desempe\u00f1ado como piloto de pruebas para distintos preparadores, constructores y pilotos, contribuyendo de ese modo al desarrollo y puesta a punto de monoplazas, sport prototipos y veh\u00edculos de turismo.<\/p>\n<p><strong>Desde 1982 dirige su Escuela de Pilotos RAC<\/strong> en la que ya han cursado miles de alumnos, muchos de los cuales, a poco de egresar, se han destacado en el automovilismo nacional e internacional.<\/p>\n<p>[\/et_pb_text][\/et_pb_column][\/et_pb_row][et_pb_row _builder_version=\u00bb4.27.5&#8243; _module_preset=\u00bbdefault\u00bb custom_padding=\u00bb||6px|||\u00bb global_colors_info=\u00bb{}\u00bb theme_builder_area=\u00bbpost_content\u00bb][et_pb_column type=\u00bb4_4&#8243; _builder_version=\u00bb4.27.5&#8243; _module_preset=\u00bbdefault\u00bb global_colors_info=\u00bb{}\u00bb theme_builder_area=\u00bbpost_content\u00bb][et_pb_image src=\u00bbhttps:\/\/racescueladepilotos.com.ar\/wp-content\/uploads\/2026\/03\/Bianchi-mas-grande.jpg\u00bb title_text=\u00bbBianchi mas grande\u00bb _builder_version=\u00bb4.27.5&#8243; _module_preset=\u00bbdefault\u00bb global_colors_info=\u00bb{}\u00bb theme_builder_area=\u00bbpost_content\u00bb][\/et_pb_image][\/et_pb_column][\/et_pb_row][et_pb_row column_structure=\u00bb1_2,1_2&#8243; _builder_version=\u00bb4.27.5&#8243; _module_preset=\u00bbdefault\u00bb custom_margin=\u00bb|auto|32px|auto||\u00bb global_colors_info=\u00bb{}\u00bb theme_builder_area=\u00bbpost_content\u00bb][et_pb_column type=\u00bb1_2&#8243; _builder_version=\u00bb4.27.5&#8243; _module_preset=\u00bbdefault\u00bb global_colors_info=\u00bb{}\u00bb theme_builder_area=\u00bbpost_content\u00bb][et_pb_image src=\u00bbhttps:\/\/racescueladepilotos.com.ar\/wp-content\/uploads\/2026\/03\/Bianchi-en-deportivo-scaled-1.jpg\u00bb title_text=\u00bbBianchi en deportivo\u00bb _builder_version=\u00bb4.27.5&#8243; _module_preset=\u00bbdefault\u00bb global_colors_info=\u00bb{}\u00bb theme_builder_area=\u00bbpost_content\u00bb][\/et_pb_image][\/et_pb_column][et_pb_column type=\u00bb1_2&#8243; _builder_version=\u00bb4.27.5&#8243; _module_preset=\u00bbdefault\u00bb global_colors_info=\u00bb{}\u00bb theme_builder_area=\u00bbpost_content\u00bb][et_pb_image src=\u00bbhttps:\/\/racescueladepilotos.com.ar\/wp-content\/uploads\/2026\/03\/Automobile_Magazine_GRANDE.jpg\u00bb title_text=\u00bbAutomobile_Magazine_GRANDE\u00bb align=\u00bbright\u00bb _builder_version=\u00bb4.27.5&#8243; _module_preset=\u00bbdefault\u00bb width=\u00bb85%\u00bb global_colors_info=\u00bb{}\u00bb theme_builder_area=\u00bbpost_content\u00bb][\/et_pb_image][\/et_pb_column][\/et_pb_row][\/et_pb_section][et_pb_section fb_built=\u00bb1&#8243; admin_label=\u00bbCoaches\u00bb _builder_version=\u00bb4.27.5&#8243; _module_preset=\u00bbdefault\u00bb use_background_color_gradient=\u00bbon\u00bb background_color_gradient_direction=\u00bb285deg\u00bb background_color_gradient_stops=\u00bb#17a0b2 0%|#8c9600 100%\u00bb custom_padding=\u00bb||18px|||\u00bb locked=\u00bboff\u00bb global_colors_info=\u00bb{}\u00bb theme_builder_area=\u00bbpost_content\u00bb][et_pb_row _builder_version=\u00bb4.27.5&#8243; _module_preset=\u00bbdefault\u00bb custom_padding=\u00bb24px||14px|||\u00bb global_colors_info=\u00bb{}\u00bb theme_builder_area=\u00bbpost_content\u00bb][et_pb_column type=\u00bb4_4&#8243; _builder_version=\u00bb4.27.5&#8243; _module_preset=\u00bbdefault\u00bb global_colors_info=\u00bb{}\u00bb theme_builder_area=\u00bbpost_content\u00bb][et_pb_heading title=\u00bbCURSOS ESPECIALES Y TRABAJOS PROFESIONALES REALIZADOS\u00bb _builder_version=\u00bb4.27.5&#8243; _module_preset=\u00bbdefault\u00bb title_font=\u00bb|700|||||||\u00bb title_text_color=\u00bb#FFFFFF\u00bb global_colors_info=\u00bb{}\u00bb theme_builder_area=\u00bbpost_content\u00bb][\/et_pb_heading][\/et_pb_column][\/et_pb_row][\/et_pb_section][et_pb_section fb_built=\u00bb1&#8243; _builder_version=\u00bb4.27.5&#8243; _module_preset=\u00bbdefault\u00bb custom_padding=\u00bb0px||15px|||\u00bb global_colors_info=\u00bb{}\u00bb theme_builder_area=\u00bbpost_content\u00bb][et_pb_row column_structure=\u00bb1_4,3_4&#8243; _builder_version=\u00bb4.27.5&#8243; _module_preset=\u00bbdefault\u00bb custom_margin=\u00bb|auto|55px|auto||\u00bb custom_padding=\u00bb61px||41px|||\u00bb global_colors_info=\u00bb{}\u00bb theme_builder_area=\u00bbpost_content\u00bb][et_pb_column type=\u00bb1_4&#8243; _builder_version=\u00bb4.27.5&#8243; _module_preset=\u00bbdefault\u00bb global_colors_info=\u00bb{}\u00bb theme_builder_area=\u00bbpost_content\u00bb][et_pb_image src=\u00bbhttps:\/\/racescueladepilotos.com.ar\/wp-content\/uploads\/2026\/03\/CERTIFICADO-CURSO-DE-PILOTOS.jpg\u00bb title_text=\u00bbCERTIFICADO CURSO DE PILOTOS\u00bb align=\u00bbright\u00bb _builder_version=\u00bb4.27.5&#8243; _module_preset=\u00bbdefault\u00bb width=\u00bb30%\u00bb global_colors_info=\u00bb{}\u00bb theme_builder_area=\u00bbpost_content\u00bb][\/et_pb_image][et_pb_image src=\u00bbhttps:\/\/racescueladepilotos.com.ar\/wp-content\/uploads\/2026\/03\/CERTIFICADO-CURSO-DE-PILOTOS.jpg\u00bb title_text=\u00bbCERTIFICADO CURSO DE PILOTOS\u00bb align=\u00bbright\u00bb _builder_version=\u00bb4.27.5&#8243; _module_preset=\u00bbdefault\u00bb width=\u00bb30%\u00bb global_colors_info=\u00bb{}\u00bb theme_builder_area=\u00bbpost_content\u00bb][\/et_pb_image][et_pb_image src=\u00bbhttps:\/\/racescueladepilotos.com.ar\/wp-content\/uploads\/2026\/03\/CURSO-PORSCHE-CLUB.jpg\u00bb title_text=\u00bbCURSO PORSCHE CLUB\u00bb align=\u00bbright\u00bb _builder_version=\u00bb4.27.5&#8243; _module_preset=\u00bbdefault\u00bb width=\u00bb30%\u00bb global_colors_info=\u00bb{}\u00bb theme_builder_area=\u00bbpost_content\u00bb][\/et_pb_image][et_pb_image src=\u00bbhttps:\/\/racescueladepilotos.com.ar\/wp-content\/uploads\/2026\/03\/CURSO-FERRARI-CLUB-ARGENTINA.jpg\u00bb title_text=\u00bbCURSO FERRARI CLUB ARGENTINA\u00bb align=\u00bbright\u00bb _builder_version=\u00bb4.27.5&#8243; _module_preset=\u00bbdefault\u00bb width=\u00bb43%\u00bb global_colors_info=\u00bb{}\u00bb theme_builder_area=\u00bbpost_content\u00bb][\/et_pb_image][et_pb_image src=\u00bbhttps:\/\/racescueladepilotos.com.ar\/wp-content\/uploads\/2026\/03\/Sport_Driving_Course_Test_Porsche.jpg\u00bb title_text=\u00bbSport_Driving_Course_Test_Porsche\u00bb align=\u00bbright\u00bb _builder_version=\u00bb4.27.5&#8243; _module_preset=\u00bbdefault\u00bb width=\u00bb30%\u00bb global_colors_info=\u00bb{}\u00bb theme_builder_area=\u00bbpost_content\u00bb][\/et_pb_image][et_pb_image src=\u00bbhttps:\/\/racescueladepilotos.com.ar\/wp-content\/uploads\/2026\/03\/CURSOS-F3-PERUANA.jpg\u00bb title_text=\u00bbCURSOS F3 PERUANA\u00bb align=\u00bbright\u00bb _builder_version=\u00bb4.27.5&#8243; _module_preset=\u00bbdefault\u00bb width=\u00bb30%\u00bb global_colors_info=\u00bb{}\u00bb theme_builder_area=\u00bbpost_content\u00bb][\/et_pb_image][\/et_pb_column][et_pb_column type=\u00bb3_4&#8243; _builder_version=\u00bb4.27.5&#8243; _module_preset=\u00bbdefault\u00bb global_colors_info=\u00bb{}\u00bb theme_builder_area=\u00bbpost_content\u00bb][et_pb_text _builder_version=\u00bb4.27.5&#8243; _module_preset=\u00bbdefault\u00bb global_colors_info=\u00bb{}\u00bb theme_builder_area=\u00bbpost_content\u00bb]<\/p>\n<p><strong>AUTOMOBILE MAGAZINE (USA)<\/strong><\/p>\n<ul>\n<li>Cursos \u00abTour Juan Manuel Fangio\u00bb, Aut\u00f3dromo de Balcarce, Argentina.<\/li>\n<li>Homestead Motorsports Complex, Florida, USA.<br \/><span style=\"color: #ffffff;\">.<\/span><\/li>\n<\/ul>\n<p><strong>MODENA AUTO SPORT S.A. &#8211; FERRARI \/ MASERATI<\/strong><\/p>\n<ul>\n<li>Eventos y cl\u00ednicas de manejo empresariales.<br \/><span style=\"color: #ffffff;\">.<\/span><\/li>\n<\/ul>\n<p><strong>NORDENWAGEN SA &#8211; PORSCHE<\/strong><\/p>\n<ul>\n<li>Cursos \u00abSports Driving Test\u00bb Porsche 911 Evolution.<\/li>\n<li>Instructivos y pruebas de conducci\u00f3n en pista y todo terreno Porsche Cayenne<br \/><span style=\"color: #ffffff;\">.<\/span><\/li>\n<\/ul>\n<p><strong>FERRARI CLUB<\/strong><\/p>\n<ul>\n<li>Cursos y pruebas de habilidad conductiva \u00abPiloto Ferrari\u00bb<br \/><span style=\"color: #ffffff;\">.<\/span><\/li>\n<\/ul>\n<p><strong>PORSCHE CLUB<\/strong><\/p>\n<ul>\n<li>Cursos de Conducci\u00f3n Deportiva y Seguridad.<br \/><span style=\"color: #ffffff;\">.<\/span><\/li>\n<\/ul>\n<p><strong>FEDERACION PERUANA DE AUTOMOVILISMO DEPORTIVO (FPAD)<\/strong><\/p>\n<ul>\n<li>Cursos de pilotos formaci\u00f3n de la F-3 Peruana.<br \/><span style=\"color: #ffffff;\">.<\/span><\/li>\n<\/ul>\n<p><strong>FIAT AUTO ARGENTINA S.A.<\/strong><\/p>\n<ul>\n<li>Direcci\u00f3n de la \u00abScuola di Guida Sportiva\u00bb Alfa Romeo,<\/li>\n<li>Instrucci\u00f3n T\u00e9cnica de las Pruebas de Conducci\u00f3n y Demostraci\u00f3n para veh\u00edculos de la marca Fiat y Alfa Romeo.<br \/><span style=\"color: #ffffff;\">.<\/span><\/li>\n<\/ul>\n<p><strong>FORMULA HYUNDAI FEMENINA<\/strong><\/p>\n<ul>\n<li>Selecci\u00f3n y Curso de Formaci\u00f3n de pilotas para el Campeonato Femenino de Automovilismo Argentino.<br \/><span style=\"color: #ffffff;\">.<\/span><\/li>\n<\/ul>\n<p><strong>COPA DAMAS NISSAN<\/strong><\/p>\n<ul>\n<li>Cursos de pilotaje para la otra categor\u00eda femenina, \u00fanicas en la historia del automovilismo argentino y latinoamericano.<br \/><span style=\"color: #ffffff;\">.<\/span><\/li>\n<\/ul>\n<p><strong>TOYOTA ARGENTINA<\/strong><\/p>\n<ul>\n<li>Organizaci\u00f3n y desarrollo del programa de Manejo Seguro \u00a8Toyota y Vos\u00a8 para adolescentes y sus padres.<br \/><span style=\"color: #ffffff;\">.<\/span><\/li>\n<\/ul>\n<p><strong>VW &#8211; AUDI ARGENTINA<\/strong><\/p>\n<ul>\n<li>Provisi\u00f3n de instructores para eventos Audi Driving Experiencie, After Office y test drive de productos de la marca.<br \/><span style=\"color: #ffffff;\">.<\/span><\/li>\n<\/ul>\n<p><strong>FORD MOTOR ARGENTINA<\/strong><\/p>\n<ul>\n<li>Direcci\u00f3n T\u00e9cnica y Pruebas de Conducci\u00f3n &#8211; Presentaci\u00f3n del Ford Focus &#8211; Ford Ka &#8211; Ford Fiesta.<br \/><span style=\"color: #ffffff;\">.<\/span><\/li>\n<\/ul>\n<p><strong>GENERAL MOTORS<\/strong><\/p>\n<ul>\n<li>Direcci\u00f3n T\u00e9cnica, instrucci\u00f3n y Pruebas de Conducci\u00f3n evento Astra GSI<br \/><span style=\"color: #ffffff;\">.<\/span><\/li>\n<\/ul>\n<p><strong>ASOCIACI\u00d3N CHILENA DE AUTOMOVILISMO DEPORTIVO (ACAD)<\/strong><\/p>\n<ul>\n<li>Cursos-becas campeones y destacados en karting.<br \/><span style=\"color: #ffffff;\">.<\/span><\/li>\n<\/ul>\n<p><strong>DESAFIO CHRYSLER<\/strong><\/p>\n<ul>\n<li>Cursos de Pilotos<br \/><span style=\"color: #ffffff;\">.<\/span><\/li>\n<\/ul>\n<p><strong>ASOCIACI\u00d3N PERIODISTAS RADIALES DE AUTOMOVILISMO DEPORTIVO<\/strong><\/p>\n<ul>\n<li>Seminarios de Conducci\u00f3n Deportiva y Automovilismo Deportivo.<br \/><span style=\"color: #ffffff;\">.<\/span><\/li>\n<\/ul>\n<p><strong>ESCUELA NACIONAL DE EDUCACI\u00d3N T\u00c9CNICA<\/strong><\/p>\n<ul>\n<li>Charlas sobre t\u00e9cnicas de conducci\u00f3n y seguridad.<\/li>\n<\/ul>\n<p>[\/et_pb_text][\/et_pb_column][\/et_pb_row][\/et_pb_section][et_pb_section fb_built=\u00bb1&#8243; _builder_version=\u00bb4.27.5&#8243; _module_preset=\u00bbdefault\u00bb background_color=\u00bb#008da0&#8243; custom_padding=\u00bb10px||15px|||\u00bb global_colors_info=\u00bb{}\u00bb theme_builder_area=\u00bbpost_content\u00bb][et_pb_row _builder_version=\u00bb4.27.5&#8243; _module_preset=\u00bbdefault\u00bb custom_padding=\u00bb||0px|||\u00bb global_colors_info=\u00bb{}\u00bb theme_builder_area=\u00bbpost_content\u00bb][et_pb_column type=\u00bb4_4&#8243; _builder_version=\u00bb4.27.5&#8243; _module_preset=\u00bbdefault\u00bb global_colors_info=\u00bb{}\u00bb theme_builder_area=\u00bbpost_content\u00bb][et_pb_heading title=\u00bbReconocimiento de Annuaire du sport\u00bb _builder_version=\u00bb4.27.5&#8243; _module_preset=\u00bbdefault\u00bb title_font=\u00bb|700|||||||\u00bb title_text_color=\u00bb#FFFFFF\u00bb global_colors_info=\u00bb{}\u00bb theme_builder_area=\u00bbpost_content\u00bb][\/et_pb_heading][\/et_pb_column][\/et_pb_row][\/et_pb_section][et_pb_section fb_built=\u00bb1&#8243; _builder_version=\u00bb4.27.5&#8243; _module_preset=\u00bbdefault\u00bb background_color=\u00bb#bababa\u00bb custom_padding=\u00bb||14px|||\u00bb global_colors_info=\u00bb{}\u00bb theme_builder_area=\u00bbpost_content\u00bb][et_pb_row column_structure=\u00bb1_5,1_5,3_5&#8243; _builder_version=\u00bb4.27.5&#8243; _module_preset=\u00bbdefault\u00bb global_colors_info=\u00bb{}\u00bb theme_builder_area=\u00bbpost_content\u00bb][et_pb_column type=\u00bb1_5&#8243; _builder_version=\u00bb4.27.5&#8243; _module_preset=\u00bbdefault\u00bb global_colors_info=\u00bb{}\u00bb theme_builder_area=\u00bbpost_content\u00bb][et_pb_image src=\u00bbhttps:\/\/racescueladepilotos.com.ar\/wp-content\/uploads\/2026\/03\/Fia_1.jpg\u00bb title_text=\u00bbFia_1&#8243; _builder_version=\u00bb4.27.5&#8243; _module_preset=\u00bbdefault\u00bb global_colors_info=\u00bb{}\u00bb theme_builder_area=\u00bbpost_content\u00bb][\/et_pb_image][\/et_pb_column][et_pb_column type=\u00bb1_5&#8243; _builder_version=\u00bb4.27.5&#8243; _module_preset=\u00bbdefault\u00bb global_colors_info=\u00bb{}\u00bb theme_builder_area=\u00bbpost_content\u00bb][et_pb_image src=\u00bbhttps:\/\/racescueladepilotos.com.ar\/wp-content\/uploads\/2026\/03\/Revista-FIA-Grandefia2_.jpg\u00bb title_text=\u00bbRevista FIA Grandefia2_\u00bb _builder_version=\u00bb4.27.5&#8243; _module_preset=\u00bbdefault\u00bb animation_style=\u00bbslide\u00bb animation_direction=\u00bbleft\u00bb global_colors_info=\u00bb{}\u00bb theme_builder_area=\u00bbpost_content\u00bb][\/et_pb_image][\/et_pb_column][et_pb_column type=\u00bb3_5&#8243; _builder_version=\u00bb4.27.5&#8243; _module_preset=\u00bbdefault\u00bb global_colors_info=\u00bb{}\u00bb theme_builder_area=\u00bbpost_content\u00bb][et_pb_text _builder_version=\u00bb4.27.5&#8243; _module_preset=\u00bbdefault\u00bb text_font_size=\u00bb17px\u00bb width=\u00bb46%\u00bb global_colors_info=\u00bb{}\u00bb theme_builder_area=\u00bbpost_content\u00bb]<\/p>\n<p><span style=\"color: #000000;\"><strong>RAC ESCUELA DE PILOTOS, <\/strong>fue incluida en la 18\u00aa <\/span><span style=\"color: #000000;\"><strong>Edition Annuaire du Sport Automobile FIA<\/strong>, <\/span><span style=\"color: #000000;\">junto a otras distinguidas escuelas de pilotaje <\/span><span style=\"color: #000000;\">del mundo.<\/span><\/p>\n<p>[\/et_pb_text][\/et_pb_column][\/et_pb_row][\/et_pb_section]<\/p>\n","protected":false},"excerpt":{"rendered":"<p>jose v.BianchiTrayectoriaLuego de cierta experiencia en karting y monoplazas, en 1979, Jos\u00e9 Valent\u00edn Bianchi, inicia su carrera deportiva en Inglaterra, realizando el curso de pilotos en la legendaria \u201cJim Russell Driver\u00b4s School\u201d. Al obtener la calificaci\u00f3n m\u00e1s alta del curso le fue otorgada la beca para competir en el Campeonato Club de Formula Ford, obteniendo [&hellip;]<\/p>\n","protected":false},"author":1,"featured_media":0,"parent":0,"menu_order":0,"comment_status":"closed","ping_status":"closed","template":"","meta":{"_et_pb_use_builder":"on","_et_pb_old_content":"","_et_gb_content_width":"","footnotes":""},"class_list":["post-255","page","type-page","status-publish","hentry"],"_links":{"self":[{"href":"https:\/\/racescueladepilotos.com.ar\/index.php\/wp-json\/wp\/v2\/pages\/255","targetHints":{"allow":["GET"]}}],"collection":[{"href":"https:\/\/racescueladepilotos.com.ar\/index.php\/wp-json\/wp\/v2\/pages"}],"about":[{"href":"https:\/\/racescueladepilotos.com.ar\/index.php\/wp-json\/wp\/v2\/types\/page"}],"author":[{"embeddable":true,"href":"https:\/\/racescueladepilotos.com.ar\/index.php\/wp-json\/wp\/v2\/users\/1"}],"replies":[{"embeddable":true,"href":"https:\/\/racescueladepilotos.com.ar\/index.php\/wp-json\/wp\/v2\/comments?post=255"}],"version-history":[{"count":3,"href":"https:\/\/racescueladepilotos.com.ar\/index.php\/wp-json\/wp\/v2\/pages\/255\/revisions"}],"predecessor-version":[{"id":263,"href":"https:\/\/racescueladepilotos.com.ar\/index.php\/wp-json\/wp\/v2\/pages\/255\/revisions\/263"}],"wp:attachment":[{"href":"https:\/\/racescueladepilotos.com.ar\/index.php\/wp-json\/wp\/v2\/media?parent=255"}],"curies":[{"name":"wp","href":"https:\/\/api.w.org\/{rel}","templated":true}]}}